{"id":50,"date":"2020-09-14T16:44:36","date_gmt":"2020-09-14T14:44:36","guid":{"rendered":"https:\/\/samorzad-new.wmi.amu.edu.pl\/?page_id=50"},"modified":"2021-07-16T14:06:33","modified_gmt":"2021-07-16T12:06:33","slug":"studenci-1-roku","status":"publish","type":"page","link":"https:\/\/samorzad.wmi.amu.edu.pl\/en\/studenci-1-roku\/","title":{"rendered":"Students of 1st year"},"content":{"rendered":"<h2>Frequently asked questions from 1st year students<\/h2>\n<h3>USOSWEB<\/h3>\n<div class=\"su-accordion su-u-trim\">\n<div class=\"su-spoiler su-spoiler-style-default su-spoiler-icon-plus faq su-spoiler-closed\" data-scroll-offset=\"0\" data-anchor-in-url=\"no\"><div class=\"su-spoiler-title\" tabindex=\"0\" role=\"button\"><span class=\"su-spoiler-icon\"><\/span>How to log into my USOSWEB account?<\/div><div class=\"su-spoiler-content su-u-clearfix su-u-trim\">TRANSLATION IN PROGRESS <a href=\"https:\/\/usosweb.amu.edu.pl\">tutaj<\/a>. <\/div><\/div>\n<div class=\"su-spoiler su-spoiler-style-default su-spoiler-icon-plus faq su-spoiler-closed\" data-scroll-offset=\"0\" data-anchor-in-url=\"no\"><div class=\"su-spoiler-title\" tabindex=\"0\" role=\"button\"><span class=\"su-spoiler-icon\"><\/span>Gdzie znajduje si\u0119 informacja o moim numerze albumu\/indeksu?<\/div><div class=\"su-spoiler-content su-u-clearfix su-u-trim\">Zak\u0142adki M\u00f3j USOSweb \u2192 Informacje o u\u017cytkowniku (okienko po prawej stronie) \u2192 Numer albumu.<\/div><\/div>\n<div class=\"su-spoiler su-spoiler-style-default su-spoiler-icon-plus faq su-spoiler-closed\" data-scroll-offset=\"0\" data-anchor-in-url=\"no\"><div class=\"su-spoiler-title\" tabindex=\"0\" role=\"button\"><span class=\"su-spoiler-icon\"><\/span>Gdzie znajduj\u0105 si\u0119 informacje o op\u0142acie za legitymacj\u0119?<\/div><div class=\"su-spoiler-content su-u-clearfix su-u-trim\">Zak\u0142adki Dla student\u00f3w \u2192 P\u0142atno\u015bci FK \u2192 Nale\u017cno\u015bci nierozliczone<\/div><\/div>\n<div class=\"su-spoiler su-spoiler-style-default su-spoiler-icon-plus faq su-spoiler-closed\" data-scroll-offset=\"0\" data-anchor-in-url=\"no\"><div class=\"su-spoiler-title\" tabindex=\"0\" role=\"button\"><span class=\"su-spoiler-icon\"><\/span>Zap\u0142aci\u0142em za legitymacj\u0119 ale nie zaksi\u0119gowano op\u0142aty. Ile to potrwa?<\/div><div class=\"su-spoiler-content su-u-clearfix su-u-trim\">Zaksi\u0119gowanie op\u0142aty mo\u017ce zaj\u0105\u0107 kilka lub kilkana\u015bcie dni, gdy\u017c wymaga ludzkiej interwencji. Je\u015bli wp\u0142acono pieni\u0105dze, mo\u017cna by\u0107 spokojnym.<\/div><\/div>\n<div class=\"su-spoiler su-spoiler-style-default su-spoiler-icon-plus faq su-spoiler-closed\" data-scroll-offset=\"0\" data-anchor-in-url=\"no\"><div class=\"su-spoiler-title\" tabindex=\"0\" role=\"button\"><span class=\"su-spoiler-icon\"><\/span>Jaki jest m\u00f3j mail studencki?<\/div><div class=\"su-spoiler-content su-u-clearfix su-u-trim\">Zak\u0142adki M\u00f3j USOSweb \u2192 Informacje o u\u017cytkowniku (okienko po prawej stronie) \u2192 Moja strona profilowa<\/div><\/div><\/div>\n<h3>Poczta studencka<\/h3>\n<div class=\"su-accordion su-u-trim\">\n<div class=\"su-spoiler su-spoiler-style-default su-spoiler-icon-plus faq su-spoiler-closed\" data-scroll-offset=\"0\" data-anchor-in-url=\"no\"><div class=\"su-spoiler-title\" tabindex=\"0\" role=\"button\"><span class=\"su-spoiler-icon\"><\/span>W jaki spos\u00f3b mog\u0119 zalogowa\u0107 si\u0119 na poczt\u0119 studenck\u0105?<\/div><div class=\"su-spoiler-content su-u-clearfix su-u-trim\">Logowanie odbywa si\u0119 <a href=\"https:\/\/login.microsoftonline.com\/\" target=\"_blank\" rel=\"noopener noreferrer\">tutaj<\/a>, poprzez podanie jako login maila studenckiego, a jako has\u0142a \u2013 has\u0142a, kt\u00f3re stosuje si\u0119 do logowania na stron\u0119 rekrutacji oraz na konto USOSweb.<\/div><\/div>\n<div class=\"su-spoiler su-spoiler-style-default su-spoiler-icon-plus faq su-spoiler-closed\" data-scroll-offset=\"0\" data-anchor-in-url=\"no\"><div class=\"su-spoiler-title\" tabindex=\"0\" role=\"button\"><span class=\"su-spoiler-icon\"><\/span>Czy po zalogowaniu, mog\u0119 pobra\u0107 pakiet Office?<\/div><div class=\"su-spoiler-content su-u-clearfix su-u-trim\">Tak, studenci Wydzia\u0142u Matematyki i Informatyki mog\u0105 pobra\u0107 pakiet Office, w sk\u0142ad kt\u00f3rego wchodz\u0105 aplikacje takie jak: Word, Excel, Powerpoint, Outlook, Notepad i Teams.<br \/>\nPo zalogowaniu si\u0119 na konto, w prawym g\u00f3rnym rogu dost\u0119pna jest opcja Zainstaluj pakiet Office \u2192 Aplikacje us\u0142ugi Office 365.<br \/>\nPakiet Office mo\u017cesz zainstalowa\u0107 na maksymalnie 5 komputerach PC lub Mac, 5 tabletach oraz 5 smartfonach.<br \/>\n<\/div><\/div>\n<div class=\"su-spoiler su-spoiler-style-default su-spoiler-icon-plus faq su-spoiler-closed\" data-scroll-offset=\"0\" data-anchor-in-url=\"no\"><div class=\"su-spoiler-title\" tabindex=\"0\" role=\"button\"><span class=\"su-spoiler-icon\"><\/span>W jaki spos\u00f3b przekierowa\u0107 maile z konta studenckiego na poczt\u0119, z kt\u00f3rej cz\u0119\u015bciej korzystam?<\/div><div class=\"su-spoiler-content su-u-clearfix su-u-trim\">Zak\u0142adki Outlook (pasek po lewej stronie) \u2192 Ustawienia (prawy g\u00f3rny r\u00f3g) \u2192 Wy\u015bwietl wszystkie ustawienia programu Outlook \u2192 Poczta \u2192 Przesy\u0142anie dalej \u2192 W\u0142\u0105cz przesy\u0142anie dalej<br \/>\nW tym miejscu nale\u017cy poda\u0107 adres e-mail, na kt\u00f3ry maj\u0105 by\u0107 przesy\u0142ane wiadomo\u015bci z konta studenckiego.<br \/>\nDodatkowo, opcja Zachowuj kopi\u0119 wiadomo\u015bci przes\u0142anych danej pozwoli na zatrzymanie wiadomo\u015bci przychodz\u0105cych na koncie studenckim. Warto t\u0119 opcj\u0119 w\u0142\u0105czy\u0107, poniewa\u017c kiedy usuniesz jak\u0105\u015b wiadomo\u015b\u0107 z prywatnego konta, b\u0119dziesz mog\u0142a\/m\u00f3g\u0142 jeszcze do niej powr\u00f3ci\u0107 na koncie studenckim. <\/div><\/div>\n<\/div>\n<h3>Plan zaj\u0119\u0107<\/h3>\n<div class=\"su-accordion su-u-trim\">\n<div class=\"su-spoiler su-spoiler-style-default su-spoiler-icon-plus faq su-spoiler-closed\" data-scroll-offset=\"0\" data-anchor-in-url=\"no\"><div class=\"su-spoiler-title\" tabindex=\"0\" role=\"button\"><span class=\"su-spoiler-icon\"><\/span>Czy studenci pierwszego roku studi\u00f3w I stopnia uk\u0142adaj\u0105 sami plan? <\/div><div class=\"su-spoiler-content su-u-clearfix su-u-trim\">Nie, studenci pierwszego roku studi\u00f3w I stopnia dostaj\u0105 z g\u00f3ry ustalony plan przez pracownik\u00f3w BOSa, kt\u00f3ry otrzymuj\u0105 podczas Dnia Studenta I roku.<\/p>\n<p>Dopiero studenci wy\u017cszych lat studi\u00f3w <strong>stacjonarnych <\/strong> maj\u0105 mo\u017cliwo\u015b\u0107 samodzielnego uk\u0142adania planu, <strong>niestacjonarni <\/strong>&#8211; pracownicy BOSu przypisuj\u0105 z g\u00f3ry student\u00f3w do grup zaj\u0119ciowych.<\/div><\/div>\n<div class=\"su-spoiler su-spoiler-style-default su-spoiler-icon-plus faq su-spoiler-closed\" data-scroll-offset=\"0\" data-anchor-in-url=\"no\"><div class=\"su-spoiler-title\" tabindex=\"0\" role=\"button\"><span class=\"su-spoiler-icon\"><\/span>Kiedy nale\u017cy zapisa\u0107 si\u0119 na zaj\u0119cia z wychowania fizycznego?<\/div><div class=\"su-spoiler-content su-u-clearfix su-u-trim\">Zaj\u0119cia z wychowania fizycznego dla student\u00f3w pierwszego roku studi\u00f3w <strong>stacjonarnych <\/strong>I stopnia rozpoczynaj\u0105 si\u0119 w drugim semestrze i s\u0105 prowadzone na <a href=\"http:\/\/wf1.amu.edu.pl\/index.php?item=2\" target=\"_blank\" rel=\"noopener noreferrer\">tej stronie<\/a>.<br \/>\nO terminie zapis\u00f3w zostaniesz na pewno poinformowana\/y mailowo przez pracownik\u00f3w BOSa.<br \/>\nStudenci studi\u00f3w <strong>niestacjonarnych <\/strong>nie maj\u0105 w planie zaj\u0119\u0107 z w-f.<\/div><\/div>\n<div class=\"su-spoiler su-spoiler-style-default su-spoiler-icon-plus faq su-spoiler-closed\" data-scroll-offset=\"0\" data-anchor-in-url=\"no\"><div class=\"su-spoiler-title\" tabindex=\"0\" role=\"button\"><span class=\"su-spoiler-icon\"><\/span>W jaki dzie\u0144 odbywaj\u0105 si\u0119 zaj\u0119cia z wychowania fizycznego?<\/div><div class=\"su-spoiler-content su-u-clearfix su-u-trim\">Zaj\u0119cia odbywaj\u0105 si\u0119 w jeden dzie\u0144 wyznaczony przez Studium Wychowania Fizycznego i Sportu (SWFiS) UAM. W semestrze letnim b\u0119dzie to \u015broda w godz. 12:30-17:00. Dodatkowo, w godzinach w-fowych nie b\u0119d\u0105 prowadzone zaj\u0119cia na Wydziale.<br \/>\n<\/div><\/div>\n<div class=\"su-spoiler su-spoiler-style-default su-spoiler-icon-plus faq su-spoiler-closed\" data-scroll-offset=\"0\" data-anchor-in-url=\"no\"><div class=\"su-spoiler-title\" tabindex=\"0\" role=\"button\"><span class=\"su-spoiler-icon\"><\/span>Na jakie zaj\u0119cia z wychowania fizycznego mog\u0119 si\u0119 zapisa\u0107?<\/div><div class=\"su-spoiler-content su-u-clearfix su-u-trim\">Dla ka\u017cdego Wydzia\u0142u SWFiS przydziela wiele dyscyplin, na kt\u00f3re mog\u0105 zapisywa\u0107 si\u0119 studenci. Dost\u0119pne s\u0105 one pod <a href=\"http:\/\/wf1.amu.edu.pl\/pdf\/lista_dyscyplin_2020-2021.pdf\" target=\"_blank\" rel=\"noopener noreferrer\">tym linkiem.<\/a><\/div><\/div>\n<div class=\"su-spoiler su-spoiler-style-default su-spoiler-icon-plus faq su-spoiler-closed\" data-scroll-offset=\"0\" data-anchor-in-url=\"no\"><div class=\"su-spoiler-title\" tabindex=\"0\" role=\"button\"><span class=\"su-spoiler-icon\"><\/span>Kiedy nale\u017cy zapisa\u0107 si\u0119 na zaj\u0119cia z lektorat\u00f3w? <\/div><div class=\"su-spoiler-content su-u-clearfix su-u-trim\">Zaj\u0119cia z lektorat\u00f3w dla student\u00f3w pierwszego roku studi\u00f3w stacjonarnych I stopnia rozpoczynaj\u0105 si\u0119 w drugim semestrze i s\u0105 prowadzone na <a href=\"https:\/\/ul.amu.edu.pl\/\" target=\"_blank\" rel=\"noopener noreferrer\">tej stronie<\/a>.<br \/>\nNatomiast, w pierwszym semestrze odbywa si\u0119 internetowy test diagnozuj\u0105cy, kt\u00f3ry wyka\u017ce Tw\u00f3j poziom z wybranego j\u0119zyka (np. angielski, niemiecki, itp.). Zostaniesz o nim poinformowana\/y mailowo przez pracownik\u00f3w BOSu.<br \/>\n<\/div><\/div>\n<div class=\"su-spoiler su-spoiler-style-default su-spoiler-icon-plus faq su-spoiler-closed\" data-scroll-offset=\"0\" data-anchor-in-url=\"no\"><div class=\"su-spoiler-title\" tabindex=\"0\" role=\"button\"><span class=\"su-spoiler-icon\"><\/span>Mam certyfikat z j\u0119zyka angielskiego. Czy mog\u0119 zwolni\u0107 si\u0119 z lektoratu?<\/div><div class=\"su-spoiler-content su-u-clearfix su-u-trim\">Tak, maj\u0105c jeden z respektowanych przez Szko\u0142\u0119 J\u0119zykow\u0105 UAM certyfikat\u00f3w mo\u017cna zaliczy\u0107 na jego podstawie lektorat j\u0119zyka angielskiego. Fakultatywnie mo\u017cna wykorzysta\u0107 tzw. \u017cetony j\u0119zykowe (4 semestry) na nauk\u0119 innego j\u0119zyka oferowanego przez uczelni\u0119. Szczeg\u00f3\u0142y uczestnictwa w lektoracie, w tym list\u0119 akceptowanych certyfikat\u00f3w, <a href=\"http:\/\/sj.amu.edu.pl\/__data\/assets\/pdf_file\/0020\/254081\/Zasady-uczeszczania-na-lektorat-01.10.2016.pdf\" target=\"_blank\" rel=\"noopener noreferrer\">mo\u017cna znale\u017a\u0107 tutaj<\/a>.<br \/>\n<\/div><\/div>\n<div class=\"su-spoiler su-spoiler-style-default su-spoiler-icon-plus faq su-spoiler-closed\" data-scroll-offset=\"0\" data-anchor-in-url=\"no\"><div class=\"su-spoiler-title\" tabindex=\"0\" role=\"button\"><span class=\"su-spoiler-icon\"><\/span>Jakie przedmioty b\u0119d\u0119 mie\u0107 w pierwszym semestrze? <\/div><div class=\"su-spoiler-content su-u-clearfix su-u-trim\">Siatki godzin dost\u0119pne s\u0105 na stronie:<br \/>\nStudia <strong>I stopnia<\/strong>: <a href=\"https:\/\/wmi.amu.edu.pl\/dla-kandydata\/studia-i-stopnia\" target=\"_blank\" rel=\"noopener noreferrer\">KLIK!<\/a><br \/>\nStudia <strong>II stopnia<\/strong>: <a href=\"https:\/\/wmi.amu.edu.pl\/dla-kandydata\/studia-ii-stopnia\" target=\"_blank\" rel=\"noopener noreferrer\">KLIK!<\/a><br \/>\nWybieraj\u0105c odpowiednio kierunek studi\u00f3w poznasz przedmioty, kt\u00f3re b\u0119d\u0105 realizowane podczas wszystkich semestr\u00f3w.<br \/>\n<\/div><\/div>\n<div class=\"su-spoiler su-spoiler-style-default su-spoiler-icon-plus faq su-spoiler-closed\" data-scroll-offset=\"0\" data-anchor-in-url=\"no\"><div class=\"su-spoiler-title\" tabindex=\"0\" role=\"button\"><span class=\"su-spoiler-icon\"><\/span>Jakie dni b\u0119d\u0105 dniami wolnymi od zaj\u0119\u0107 na Wydziale oraz kiedy rozpoczyna si\u0119 sesja?<\/div><div class=\"su-spoiler-content su-u-clearfix su-u-trim\">Rozk\u0142ad roku akademickiego 2021\/2022 dost\u0119pny jest <a href=\"https:\/\/www.facebook.com\/samorzad.wmi\/photos\/a.125630600843488\/5530568903682937\/\" target=\"_blank\" rel=\"noopener noreferrer\">tutaj<\/a>.<br \/>\n<\/div><\/div>\n<\/div>\n<h3>Nauka zdalna<\/h3>\n<div class=\"su-accordion su-u-trim\">\n<div class=\"su-spoiler su-spoiler-style-default su-spoiler-icon-plus faq su-spoiler-closed\" data-scroll-offset=\"0\" data-anchor-in-url=\"no\"><div class=\"su-spoiler-title\" tabindex=\"0\" role=\"button\"><span class=\"su-spoiler-icon\"><\/span>Czy zaj\u0119cia prowadzone w semestrze zimowym b\u0119d\u0105 prowadzone w trybie zdalnym?<\/div><div class=\"su-spoiler-content su-u-clearfix su-u-trim\">Obecnie czekamy za decyzj\u0105 JM Rektor prof. Bogumi\u0142y Kaniewskiej. <\/div><\/div>\n<div class=\"su-spoiler su-spoiler-style-default su-spoiler-icon-plus faq su-spoiler-closed\" data-scroll-offset=\"0\" data-anchor-in-url=\"no\"><div class=\"su-spoiler-title\" tabindex=\"0\" role=\"button\"><span class=\"su-spoiler-icon\"><\/span>Jakie aplikacje by\u0142y u\u017cywane do nauki zdalnej w roku akademickim 2020\/2021? <\/div><div class=\"su-spoiler-content su-u-clearfix su-u-trim\">Na Wydziale b\u0119d\u0105 u\u017cywane dwie aplikacje \u2013 Microsoft Teams i Moodle.<br \/>\nMicrosoft Teams s\u0142u\u017cy g\u0142\u00f3wnie do prowadzenia rozm\u00f3w wideo, dodatkowo mo\u017cna w niej np. zamieszcza\u0107 materia\u0142y do zaj\u0119\u0107, sprawdza\u0107 obecno\u015b\u0107, korzysta\u0107 ze wsp\u00f3lnej tablicy oraz przeprowadza\u0107 zaliczenia i egzaminy.<br \/>\nPlatforma Moodle s\u0142u\u017cy g\u0142\u00f3wnie do umieszczania materia\u0142\u00f3w do zaj\u0119\u0107, przeprowadzania test\u00f3w oraz zamieszczania rozwi\u0105za\u0144 zada\u0144.<br \/>\n<\/div><\/div>\n<div class=\"su-spoiler su-spoiler-style-default su-spoiler-icon-plus faq su-spoiler-closed\" data-scroll-offset=\"0\" data-anchor-in-url=\"no\"><div class=\"su-spoiler-title\" tabindex=\"0\" role=\"button\"><span class=\"su-spoiler-icon\"><\/span>W jaki spos\u00f3b mog\u0119 zalogowa\u0107 si\u0119 do aplikacji MS Teams?<\/div><div class=\"su-spoiler-content su-u-clearfix su-u-trim\">Logowanie odbywa si\u0119 poprzez podanie jako login maila studenckiego, a jako has\u0142a \u2013 has\u0142a, kt\u00f3re stosuje si\u0119 do logowania na stron\u0119 rekrutacji oraz na konto USOSweb.<\/div><\/div>\n<div class=\"su-spoiler su-spoiler-style-default su-spoiler-icon-plus faq su-spoiler-closed\" data-scroll-offset=\"0\" data-anchor-in-url=\"no\"><div class=\"su-spoiler-title\" tabindex=\"0\" role=\"button\"><span class=\"su-spoiler-icon\"><\/span>W jaki spos\u00f3b mog\u0119 zalogowa\u0107 si\u0119 do konta Moodle?<\/div><div class=\"su-spoiler-content su-u-clearfix su-u-trim\">Logowanie odbywa si\u0119 poprzez podanie jako login PESELu, a jako has\u0142a \u2013 has\u0142a, kt\u00f3re stosuje si\u0119 do logowania na stron\u0119 rekrutacji oraz na konto USOSweb. Moodle znajduje si\u0119 <a href=\"https:\/\/www.elearning.amu.edu.pl\/wmi\/\" target=\"_blank\" rel=\"noopener noreferrer\">tutaj<\/a>.<br \/>\n<\/div><\/div>\n<div class=\"su-spoiler su-spoiler-style-default su-spoiler-icon-plus faq su-spoiler-closed\" data-scroll-offset=\"0\" data-anchor-in-url=\"no\"><div class=\"su-spoiler-title\" tabindex=\"0\" role=\"button\"><span class=\"su-spoiler-icon\"><\/span>Jak rozwi\u0105za\u0107 problemy techniczne?<\/div><div class=\"su-spoiler-content su-u-clearfix su-u-trim\">Studentom oferowane jest wsparcie wydzia\u0142owego helpdesku. Wi\u0119cej informacji o oferowanych us\u0142ugach i pomocy znajduj\u0105 si\u0119 na <a href=\"https:\/\/laboratoria.wmi.amu.edu.pl\/\" target=\"_blank\" rel=\"noopener noreferrer\">stronie laboratori\u00f3w<\/a>.<\/div><\/div>\n<div class=\"su-spoiler su-spoiler-style-default su-spoiler-icon-plus faq su-spoiler-closed\" data-scroll-offset=\"0\" data-anchor-in-url=\"no\"><div class=\"su-spoiler-title\" tabindex=\"0\" role=\"button\"><span class=\"su-spoiler-icon\"><\/span>Czy musz\u0119 mie\u0107 kamer\u0119 i mikrofon?<\/div><div class=\"su-spoiler-content su-u-clearfix su-u-trim\">Zgodnie z zarz\u0105dzeniami wydanymi w sprawie nauki zdalnej, mikrofon i kamera mog\u0105 okaza\u0107 si\u0119 niezb\u0119dne. Poszczeg\u00f3lne wymagania zale\u017c\u0105 od prowadz\u0105cych konkretnych przedmiot\u00f3w.<\/div><\/div>\n<div class=\"su-spoiler su-spoiler-style-default su-spoiler-icon-plus faq su-spoiler-closed\" data-scroll-offset=\"0\" data-anchor-in-url=\"no\"><div class=\"su-spoiler-title\" tabindex=\"0\" role=\"button\"><span class=\"su-spoiler-icon\"><\/span>O czym warto pami\u0119ta\u0107, na co uwa\u017ca\u0107?<\/div><div class=\"su-spoiler-content su-u-clearfix su-u-trim\">Zalecamy sporz\u0105dzi\u0107 list\u0119 login\u00f3w i hase\u0142, poniewa\u017c z czasem b\u0119dzie ich naprawd\u0119 sporo. Warto te\u017c zapisa\u0107 przedstawione przez prowadz\u0105cych zasady zaliczenia przedmiot\u00f3w, godziny ich konsultacji oraz ich adresy email.<\/div><\/div>\n<div class=\"su-spoiler su-spoiler-style-default su-spoiler-icon-plus faq su-spoiler-closed\" data-scroll-offset=\"0\" data-anchor-in-url=\"no\"><div class=\"su-spoiler-title\" tabindex=\"0\" role=\"button\"><span class=\"su-spoiler-icon\"><\/span>Czy przys\u0142uguj\u0105 mi bezp\u0142atne licencje na jakie\u015b oprogramowanie?<\/div><div class=\"su-spoiler-content su-u-clearfix su-u-trim\">Tak. Studenci naszego wydzia\u0142u, zw\u0142aszcza Informatyki, mog\u0105 korzysta\u0107 z <a href=\"https:\/\/laboratoria.wmi.amu.edu.pl\/uslugi\/zewnetrzne-uslugi\/adt4t\/\" target=\"_blank\" rel=\"noopener noreferrer\">platformy Azure<\/a>, na kt\u00f3rej znajduje si\u0119 wiele bezp\u0142atnych program\u00f3w o du\u017cej rzeczywistej warto\u015bci &#8211; jak cho\u0107by licencja na system Windows. Studenci mog\u0105 te\u017c zg\u0142osi\u0107 pro\u015bb\u0119 o licencj\u0119 na produkty Jet Brains na stronie producenta.<\/div><\/div><\/div>\n<h3>Wa\u017cne dla student\u00f3w informatyki<\/h3>\n<div class=\"su-box su-box-style-default\" id=\"\" style=\"border-color:#b10000;border-radius:3px;\"><div class=\"su-box-title\" style=\"background-color:#e42618;color:#FFFFFF;border-top-left-radius:1px;border-top-right-radius:1px\">Lista rzeczy, kt\u00f3re warto przygotowa\u0107 przed studiami<\/div><div class=\"su-box-content su-u-clearfix su-u-trim\" style=\"border-bottom-left-radius:1px;border-bottom-right-radius:1px\">\n&#8211; Laptop z Linuxem (w dowolnej wersji &#8211; ubuntu, debian), mikrofonem i kamer\u0105<br \/>\n&#8211; Aplikacja MS Teams<br \/>\n&#8211; Aplikacja do C\/C++ &#8211; CodeBlocks, Visual Studio, CLion<br \/>\n&#8211; Lista stron prowadz\u0105cych (najlepiej z warunkami zaliczenia przedmiotu)<br \/>\n&#8211; Lista hase\u0142 i dost\u0119p\u00f3w (najlepiej z kr\u00f3tk\u0105 instrukcj\u0105 obs\u0142ugi, bo czasami mo\u017cna si\u0119 pogubi\u0107)<br \/>\n&#8211; Konto Github (g\u0142\u00f3wnie po to, \u017ceby si\u0119 przedrze\u0107 przez konfiguracj\u0119)<\/div><\/div>","protected":false},"excerpt":{"rendered":"<p>Najcz\u0119stsze pytania student\u00f3w pierwszego roku USOSWEB Poczta studencka Plan zaj\u0119\u0107 Nauka zdalna Wa\u017cne dla student\u00f3w informatyki<\/p>","protected":false},"author":1,"featured_media":149,"parent":0,"menu_order":0,"comment_status":"closed","ping_status":"closed","template":"","meta":[],"_links":{"self":[{"href":"https:\/\/samorzad.wmi.amu.edu.pl\/en\/wp-json\/wp\/v2\/pages\/50"}],"collection":[{"href":"https:\/\/samorzad.wmi.amu.edu.pl\/en\/wp-json\/wp\/v2\/pages"}],"about":[{"href":"https:\/\/samorzad.wmi.amu.edu.pl\/en\/wp-json\/wp\/v2\/types\/page"}],"author":[{"embeddable":true,"href":"https:\/\/samorzad.wmi.amu.edu.pl\/en\/wp-json\/wp\/v2\/users\/1"}],"replies":[{"embeddable":true,"href":"https:\/\/samorzad.wmi.amu.edu.pl\/en\/wp-json\/wp\/v2\/comments?post=50"}],"version-history":[{"count":39,"href":"https:\/\/samorzad.wmi.amu.edu.pl\/en\/wp-json\/wp\/v2\/pages\/50\/revisions"}],"predecessor-version":[{"id":529,"href":"https:\/\/samorzad.wmi.amu.edu.pl\/en\/wp-json\/wp\/v2\/pages\/50\/revisions\/529"}],"wp:featuredmedia":[{"embeddable":true,"href":"https:\/\/samorzad.wmi.amu.edu.pl\/en\/wp-json\/wp\/v2\/media\/149"}],"wp:attachment":[{"href":"https:\/\/samorzad.wmi.amu.edu.pl\/en\/wp-json\/wp\/v2\/media?parent=50"}],"curies":[{"name":"wp","href":"https:\/\/api.w.org\/{rel}","templated":true}]}}